{"id":4451,"date":"2018-06-12T09:49:18","date_gmt":"2018-06-12T07:49:18","guid":{"rendered":"https:\/\/www.drama-panorama.com\/cs\/?page_id=3474"},"modified":"2022-11-24T11:15:54","modified_gmt":"2022-11-24T10:15:54","slug":"67-871-leningradska-blokada","status":"publish","type":"event","link":"https:\/\/www.drama-panorama.com\/cs\/event\/67-871-leningradska-blokada\/","title":{"rendered":"67\/871 Leningradsk\u00e1 blok\u00e1da"},"content":{"rendered":"<p><img loading=\"lazy\" decoding=\"async\" src=\"https:\/\/www.drama-panorama.com\/wp-content\/uploads\/2017\/08\/2W1A9798_kl-750x500.jpg\" width=\"750\" height=\"500\" align=\"BOTTOM\" border=\"0\" \/><\/p>\n<p><em>67 p\u0159\u00edb\u011bh\u016f z 871 dn\u016f blok\u00e1dy<\/em><\/p>\n<p><em>Dokument\u00e1rn\u00ed divadlo Eleny Greminy<br \/>\n<\/em><em>Re\u017eie: Eberhard K\u00f6hler<\/em><\/p>\n<p>Spole\u010dn\u00e1 produkce \u00a0<a href=\"https:\/\/www.drama-panorama.com\/\">Drama Panorama e. V.<\/a>\u00a0(Berl\u00edn) und\u00a0<a href=\"http:\/\/www.pokoleniy.com\/\" target=\"_blank\" rel=\"noopener\">Teatr Pokoleniy\u00a0<\/a>(Petrohrad)<\/p>\n<p><u>Theater unterm Dach<\/u><em><br \/>\n<\/em><strong>P\u00e1tek<\/strong>\u00a0\u00a0 08.09.2017, 20 hodin \u2013 Premi\u00e9ra<br \/>\n<strong>Sobota<\/strong> 09.09.2017, 20 hodin<br \/>\n<strong>Ned\u011ble<\/strong> 10.09.2017, 20 hodin<\/p>\n<p>(Pro z\u00e1jemce za\u010d\u00edn\u00e1 hodinu p\u0159ed p\u0159edstaven\u00edm historick\u00fd \u00favod)<\/p>\n<p>K v\u00fdro\u010d\u00ed za\u010d\u00e1tku blok\u00e1dy 8. z\u00e1\u0159\u00ed 2017 bude m\u00edt v Berl\u00edn\u011b tento text prem\u00ed\u00e9ru v divadle i<a href=\"http:\/\/theateruntermdach-berlin.de\/\" target=\"_blank\" rel=\"noopener\">Theater unterm Dach<\/a>. Rusk\u00e1 premi\u00e9ra se bude konat v Petrohrad\u011b v divadle Teatr Pokoleniy k v\u00fdro\u010d\u00ed osvobozen\u00ed m\u011bsta 27.01.2018.<\/p>\n<p><strong>Hraj\u00ed<\/strong>: Susanne Hoss, Elena Polyakova, Stepan Beketov, Zenya Anisimov, Svetlana Smirnova<br \/>\n<strong>Zvuk<\/strong>: <a href=\"http:\/\/www.simonho.ch\/\" target=\"_blank\" rel=\"noopener\">Simon Ho<\/a><br \/>\n<strong>Sc\u00e9na\/kost\u00fdmy<\/strong>: Danila Korogodsky<br \/>\n<strong>Dramaturgie<\/strong>: Yvonne Griesel<br \/>\n<strong>Re\u0161er\u0161e<\/strong>: Andreas R\u00fcttenauer<br \/>\n<strong>P\u0159eklad<\/strong>: Irina Bondas, Yvonne Griesel, Galina Klimowa<br \/>\n<strong>Technika<\/strong>: Valentin Levitskiy<br \/>\n<strong>Vedouc\u00ed produkce<\/strong>: Barbara Anna Bernsmeier<\/p>\n<p>Projekt byl podpo\u0159en <a href=\"http:\/\/www.stiftung-evz.de\" target=\"_blank\" rel=\"noopener\">Stiftung Erinnerung \u2013 Verantwortung \u2013 Zukunft<\/a> a Bundeszentrale f\u00fcr politische Bildung.<\/p>\n<p>Kontakt:\u00a0<a href=\"mailto:info@drama-panorama.com\">info@drama-panorama.com<\/a><\/p>\n<p><strong><b>Tiskov\u00e9 ohlasy:<\/b><\/strong><\/p>\n<p><a href=\"http:\/\/tinyurl.com\/yboa5yee\">Sich der Wahrheit n\u00e4hern<\/a>\u00a0\u2013 P\u0159\u00edsp\u011bvek od Andrease R\u00fcttenauera v tazu.<\/p>\n<p><a href=\"http:\/\/tinyurl.com\/y8tpna2e\">Kannibalismus in h\u00f6chster Verzweiflung<\/a>\u00a0\u2013 Interview s Eberhardem K\u00f6hlerem v Neues Deutschland<\/p>\n<div id='gallery-1' class='gallery galleryid-4451 gallery-columns-3 gallery-size-thumbnail'><dl class='gallery-item'>\n\t\t\t<dt class='gallery-icon landscape'>\n\t\t\t\t<a href='https:\/\/www.drama-panorama.com\/cs\/2w1a0419_kl\/'><img loading=\"lazy\" decoding=\"async\" width=\"150\" height=\"150\" src=\"https:\/\/www.drama-panorama.com\/cs\/wp-content\/uploads\/sites\/5\/2018\/06\/2W1A0419_kl-150x150.jpg\" class=\"attachment-thumbnail size-thumbnail\" alt=\"\" aria-describedby=\"gallery-1-3462\" \/><\/a>\n\t\t\t<\/dt>\n\t\t\t\t<dd class='wp-caption-text gallery-caption' id='gallery-1-3462'>\n\t\t\t\tSusanne Hoss | Foto: Olga Feldman\n\t\t\t\t<\/dd><\/dl><dl class='gallery-item'>\n\t\t\t<dt class='gallery-icon landscape'>\n\t\t\t\t<a href='https:\/\/www.drama-panorama.com\/cs\/2w1a0357_kl\/'><img loading=\"lazy\" decoding=\"async\" width=\"150\" height=\"150\" src=\"https:\/\/www.drama-panorama.com\/cs\/wp-content\/uploads\/sites\/5\/2018\/06\/2W1A0357_kl-150x150.jpg\" class=\"attachment-thumbnail size-thumbnail\" alt=\"\" aria-describedby=\"gallery-1-3464\" \/><\/a>\n\t\t\t<\/dt>\n\t\t\t\t<dd class='wp-caption-text gallery-caption' id='gallery-1-3464'>\n\t\t\t\tSusanne Hoss | Foto: Olga Feldman\n\t\t\t\t<\/dd><\/dl><dl class='gallery-item'>\n\t\t\t<dt class='gallery-icon landscape'>\n\t\t\t\t<a href='https:\/\/www.drama-panorama.com\/cs\/2w1a0311_kl\/'><img loading=\"lazy\" decoding=\"async\" width=\"150\" height=\"150\" src=\"https:\/\/www.drama-panorama.com\/cs\/wp-content\/uploads\/sites\/5\/2018\/06\/2W1A0311_kl-150x150.jpg\" class=\"attachment-thumbnail size-thumbnail\" alt=\"\" aria-describedby=\"gallery-1-3465\" \/><\/a>\n\t\t\t<\/dt>\n\t\t\t\t<dd class='wp-caption-text gallery-caption' id='gallery-1-3465'>\n\t\t\t\tBeketov, Hoss, Anisimov, Polyakova | Foto: Olga Feldman\n\t\t\t\t<\/dd><\/dl><br style=\"clear: both\" \/><dl class='gallery-item'>\n\t\t\t<dt class='gallery-icon landscape'>\n\t\t\t\t<a href='https:\/\/www.drama-panorama.com\/cs\/2w1a0251_kl\/'><img loading=\"lazy\" decoding=\"async\" width=\"150\" height=\"150\" src=\"https:\/\/www.drama-panorama.com\/cs\/wp-content\/uploads\/sites\/5\/2018\/06\/2W1A0251_kl-150x150.jpg\" class=\"attachment-thumbnail size-thumbnail\" alt=\"\" aria-describedby=\"gallery-1-3466\" \/><\/a>\n\t\t\t<\/dt>\n\t\t\t\t<dd class='wp-caption-text gallery-caption' id='gallery-1-3466'>\n\t\t\t\tStepan Beketov | Foto: Olga Feldman\n\t\t\t\t<\/dd><\/dl><dl class='gallery-item'>\n\t\t\t<dt class='gallery-icon landscape'>\n\t\t\t\t<a href='https:\/\/www.drama-panorama.com\/cs\/2w1a0089_kl\/'><img loading=\"lazy\" decoding=\"async\" width=\"150\" height=\"150\" src=\"https:\/\/www.drama-panorama.com\/cs\/wp-content\/uploads\/sites\/5\/2018\/06\/2W1A0089_kl-150x150.jpg\" class=\"attachment-thumbnail size-thumbnail\" alt=\"\" aria-describedby=\"gallery-1-3467\" \/><\/a>\n\t\t\t<\/dt>\n\t\t\t\t<dd class='wp-caption-text gallery-caption' id='gallery-1-3467'>\n\t\t\t\tDanila Korogodsky | Foto: Olga Feldman\n\t\t\t\t<\/dd><\/dl><dl class='gallery-item'>\n\t\t\t<dt class='gallery-icon landscape'>\n\t\t\t\t<a href='https:\/\/www.drama-panorama.com\/cs\/2w1a9823_kl\/'><img loading=\"lazy\" decoding=\"async\" width=\"150\" height=\"150\" src=\"https:\/\/www.drama-panorama.com\/cs\/wp-content\/uploads\/sites\/5\/2018\/06\/2W1A9823_kl-150x150.jpg\" class=\"attachment-thumbnail size-thumbnail\" alt=\"\" aria-describedby=\"gallery-1-3468\" \/><\/a>\n\t\t\t<\/dt>\n\t\t\t\t<dd class='wp-caption-text gallery-caption' id='gallery-1-3468'>\n\t\t\t\tSvetlana Smirnova | Foto: Olga Feldman\n\t\t\t\t<\/dd><\/dl><br style=\"clear: both\" \/><dl class='gallery-item'>\n\t\t\t<dt class='gallery-icon landscape'>\n\t\t\t\t<a href='https:\/\/www.drama-panorama.com\/cs\/2w1a9798_kl\/'><img loading=\"lazy\" decoding=\"async\" width=\"150\" height=\"150\" src=\"https:\/\/www.drama-panorama.com\/cs\/wp-content\/uploads\/sites\/5\/2018\/06\/2W1A9798_kl-150x150.jpg\" class=\"attachment-thumbnail size-thumbnail\" alt=\"\" aria-describedby=\"gallery-1-3469\" \/><\/a>\n\t\t\t<\/dt>\n\t\t\t\t<dd class='wp-caption-text gallery-caption' id='gallery-1-3469'>\n\t\t\t\tSusanne Hoss | Foto: Olga Feldman\n\t\t\t\t<\/dd><\/dl><dl class='gallery-item'>\n\t\t\t<dt class='gallery-icon landscape'>\n\t\t\t\t<a href='https:\/\/www.drama-panorama.com\/cs\/2w1a9758_kl\/'><img loading=\"lazy\" decoding=\"async\" width=\"150\" height=\"150\" src=\"https:\/\/www.drama-panorama.com\/cs\/wp-content\/uploads\/sites\/5\/2018\/06\/2W1A9758_kl-150x150.jpg\" class=\"attachment-thumbnail size-thumbnail\" alt=\"\" aria-describedby=\"gallery-1-3470\" \/><\/a>\n\t\t\t<\/dt>\n\t\t\t\t<dd class='wp-caption-text gallery-caption' id='gallery-1-3470'>\n\t\t\t\tHoss, Smirnova, Beketov, Polyakova  | Foto: Olga Feldman\n\t\t\t\t<\/dd><\/dl><dl class='gallery-item'>\n\t\t\t<dt class='gallery-icon landscape'>\n\t\t\t\t<a href='https:\/\/www.drama-panorama.com\/cs\/2w1a9710_kl\/'><img loading=\"lazy\" decoding=\"async\" width=\"150\" height=\"150\" src=\"https:\/\/www.drama-panorama.com\/cs\/wp-content\/uploads\/sites\/5\/2018\/06\/2W1A9710_kl-150x150.jpg\" class=\"attachment-thumbnail size-thumbnail\" alt=\"\" aria-describedby=\"gallery-1-3471\" \/><\/a>\n\t\t\t<\/dt>\n\t\t\t\t<dd class='wp-caption-text gallery-caption' id='gallery-1-3471'>\n\t\t\t\tBeketov, Hoss, Anisimov, Polyakova, Smirnova | Foto: Olga Feldman\n\t\t\t\t<\/dd><\/dl><br style=\"clear: both\" \/><dl class='gallery-item'>\n\t\t\t<dt class='gallery-icon landscape'>\n\t\t\t\t<a href='https:\/\/www.drama-panorama.com\/cs\/2w1a9545_kl\/'><img loading=\"lazy\" decoding=\"async\" width=\"150\" height=\"150\" src=\"https:\/\/www.drama-panorama.com\/cs\/wp-content\/uploads\/sites\/5\/2018\/06\/2W1A9545_kl-150x150.jpg\" class=\"attachment-thumbnail size-thumbnail\" alt=\"\" aria-describedby=\"gallery-1-3472\" \/><\/a>\n\t\t\t<\/dt>\n\t\t\t\t<dd class='wp-caption-text gallery-caption' id='gallery-1-3472'>\n\t\t\t\tFoto: Olga Feldman\n\t\t\t\t<\/dd><\/dl>\n\t\t\t<br style='clear: both' \/>\n\t\t<\/div>\n\n","protected":false},"excerpt":{"rendered":"<p>67 p\u0159\u00edb\u011bh\u016f z 871 dn\u016f blok\u00e1dy Dokument\u00e1rn\u00ed divadlo Eleny Greminy Re\u017eie: Eberhard K\u00f6hler Spole\u010dn\u00e1 produkce \u00a0Drama Panorama e. V.\u00a0(Berl\u00edn) und\u00a0Teatr Pokoleniy\u00a0(Petrohrad) Theater unterm Dach P\u00e1tek\u00a0\u00a0 08.09.2017, 20 hodin \u2013 Premi\u00e9ra Sobota 09.09.2017, 20 hodin Ned\u011ble 10.09.2017, 20 hodin (Pro z\u00e1jemce za\u010d\u00edn\u00e1 hodinu p\u0159ed p\u0159edstaven\u00edm historick\u00fd&hellip; <a class=\"read-more\" href=\"https:\/\/www.drama-panorama.com\/cs\/event\/67-871-leningradska-blokada\/\">Read more<\/a><\/p>\n","protected":false},"author":1,"featured_media":3468,"template":"","meta":{"_acf_changed":false},"event-type":[2016,2004],"class_list":["post-4451","event","type-event","status-publish","has-post-thumbnail","hentry","event-type-archive","event-type-event"],"acf":[],"_links":{"self":[{"href":"https:\/\/www.drama-panorama.com\/cs\/wp-json\/wp\/v2\/event\/4451","targetHints":{"allow":["GET"]}}],"collection":[{"href":"https:\/\/www.drama-panorama.com\/cs\/wp-json\/wp\/v2\/event"}],"about":[{"href":"https:\/\/www.drama-panorama.com\/cs\/wp-json\/wp\/v2\/types\/event"}],"author":[{"embeddable":true,"href":"https:\/\/www.drama-panorama.com\/cs\/wp-json\/wp\/v2\/users\/1"}],"wp:featuredmedia":[{"embeddable":true,"href":"https:\/\/www.drama-panorama.com\/cs\/wp-json\/wp\/v2\/media\/3468"}],"wp:attachment":[{"href":"https:\/\/www.drama-panorama.com\/cs\/wp-json\/wp\/v2\/media?parent=4451"}],"wp:term":[{"taxonomy":"event-type","embeddable":true,"href":"https:\/\/www.drama-panorama.com\/cs\/wp-json\/wp\/v2\/event-type?post=4451"}],"curies":[{"name":"wp","href":"https:\/\/api.w.org\/{rel}","templated":true}]}}